{"id":1570,"date":"2020-11-11T17:07:23","date_gmt":"2020-11-11T16:07:23","guid":{"rendered":"http:\/\/beynesentransition.fr\/?page_id=1570"},"modified":"2021-02-03T00:25:18","modified_gmt":"2021-02-02T23:25:18","slug":"nos-realisations-marquantes","status":"publish","type":"page","link":"http:\/\/beynesentransition.fr\/?page_id=1570","title":{"rendered":"Nos r\u00e9alisations marquantes"},"content":{"rendered":"\n<h2 class=\"wp-block-heading\"><span class=\"has-inline-color has-black-color\">La palme de l&rsquo;initiative interg\u00e9n\u00e9rationnelle<\/span><\/h2>\n\n\n\n<div class=\"wp-block-image\"><figure class=\"alignleft is-resized\"><a href=\"http:\/\/beynesentransition.fr\/?attachment_id=884\"><img loading=\"lazy\" decoding=\"async\" src=\"http:\/\/beynesentransition.fr\/wp-content\/uploads\/2016\/03\/Palme_IMG_6473-1-300x220.jpg\" alt=\"Palme_IMG_6473\" class=\"wp-image-884\" width=\"389\" height=\"285\" srcset=\"http:\/\/beynesentransition.fr\/wp-content\/uploads\/2016\/03\/Palme_IMG_6473-1-300x220.jpg 300w, http:\/\/beynesentransition.fr\/wp-content\/uploads\/2016\/03\/Palme_IMG_6473-1-768x562.jpg 768w, http:\/\/beynesentransition.fr\/wp-content\/uploads\/2016\/03\/Palme_IMG_6473-1-1024x749.jpg 1024w, http:\/\/beynesentransition.fr\/wp-content\/uploads\/2016\/03\/Palme_IMG_6473-1-205x150.jpg 205w, http:\/\/beynesentransition.fr\/wp-content\/uploads\/2016\/03\/Palme_IMG_6473-1-150x110.jpg 150w\" sizes=\"auto, (max-width: 389px) 100vw, 389px\" \/><\/a><\/figure><\/div>\n\n\n\n<p class=\"has-text-align-left\"><span class=\"has-inline-color has-black-color\"><\/span><span class=\"has-inline-color has-black-color\">La palme de l&rsquo;initiative interg\u00e9n\u00e9rationelle, organis\u00e9e par l\u2019universit\u00e9 de Bordeaux Montaigne, a r\u00e9compens\u00e9 notre association Beynes en Transition, parmi vingt nomm\u00e9es, pour trois projets favorisant le lien interg\u00e9n\u00e9rationnel <\/span><\/p>\n\n\n\n<p class=\"has-text-align-left\"><span class=\"has-inline-color has-black-color\">Nous en sommes tr\u00e8s fiers.<\/span><\/p>\n\n\n\n<p><span class=\"has-inline-color has-black-color\">Notre \u00e9quipe<\/span> <span class=\"has-inline-color has-black-color\">a port\u00e9 des projets en faveur du lien social, mais aussi en faveur de l\u2019\u00e9conomie d\u2019\u00e9nergie et du recyclage.<\/span><\/p>\n\n\n\n<p><\/p>\n\n\n\n<h2 class=\"wp-block-heading\"><span class=\"has-inline-color has-black-color\">La remise de la palme \u00e0 Bordeaux<\/span><\/h2>\n\n\n\n<p><\/p>\n\n\n\n<div class=\"wp-block-image\"><figure class=\"alignleft is-resized\"><img loading=\"lazy\" decoding=\"async\" src=\"http:\/\/beynesentransition.fr\/wp-content\/uploads\/2016\/03\/palme-laureats-595x398-300x201.jpg\" alt=\"\" class=\"wp-image-891\" width=\"382\" height=\"256\" srcset=\"http:\/\/beynesentransition.fr\/wp-content\/uploads\/2016\/03\/palme-laureats-595x398-300x201.jpg 300w, http:\/\/beynesentransition.fr\/wp-content\/uploads\/2016\/03\/palme-laureats-595x398-224x150.jpg 224w, http:\/\/beynesentransition.fr\/wp-content\/uploads\/2016\/03\/palme-laureats-595x398-150x100.jpg 150w, http:\/\/beynesentransition.fr\/wp-content\/uploads\/2016\/03\/palme-laureats-595x398.jpg 595w\" sizes=\"auto, (max-width: 382px) 100vw, 382px\" \/><\/figure><\/div>\n\n\n\n<p><span class=\"has-inline-color has-black-color\">Notre ambassadrice, Odile Selme, invit\u00e9e lors d\u2019une c\u00e9r\u00e9monie chaleureuse a d\u00e9velopp\u00e9 devant un auditoire d&rsquo;\u00e9tudiants, de professeurs et d&rsquo;\u00e9lus, tous les aspects de ces trois projets.<\/span><\/p>\n\n\n\n<p><span class=\"has-inline-color has-black-color\">La palme a \u00e9t\u00e9 remise par les \u00e9tudiants, en pr\u00e9sence de Mme Ana-Maria Torres, conseill\u00e8re municipale d\u00e9l\u00e9gu\u00e9e de la ville de Bordeaux pour la politique d&rsquo;animation en direction des s\u00e9niors. Mme Torres en remettant la palme, a f\u00e9licit\u00e9 Beynes en Transition&nbsp;\u00abpour l\u2019originalit\u00e9 de ses projets et sa pluralit\u00e9 d&rsquo;actions\u00bb.<\/span><\/p>\n\n\n\n<p><span class=\"has-inline-color has-black-color\">Ce prix aura permis \u00e0 Beynes en Transition de b\u00e9n\u00e9ficier d\u2019une offre en communication con\u00e7ue et r\u00e9alis\u00e9e par les \u00e9tudiants en Master II de communication de cette universit\u00e9.<\/span><\/p>\n\n\n\n<h2 class=\"wp-block-heading\"><span class=\"has-inline-color has-black-color\">Les projets couronn\u00e9s&#8230;<\/span><\/h2>\n\n\n\n<p><span class=\"has-inline-color has-black-color\">Beynes en Transition a \u00e9t\u00e9 r\u00e9compens\u00e9 par le jury pour ces trois initiatives :<\/span><\/p>\n\n\n\n<ul class=\"wp-block-list\"><li><span class=\"has-inline-color has-black-color\">LE LOGEMENT INTERG\u00c9N\u00c9RATIONNEL<\/span><\/li><li><span class=\"has-inline-color has-black-color\">L&rsquo;AUTO-STOP DE PROXIMIT\u00c9<\/span><\/li><li><span class=\"has-inline-color has-black-color\">LES JARDINS PARTAG\u00c9S ET BACS \u00c0 NOURRITURE<\/span><\/li><\/ul>\n\n\n\n<h2 class=\"wp-block-heading\"><span class=\"has-inline-color has-black-color\">LE LOGEMENT INTERG\u00c9N\u00c9RATIONNEL<\/span><\/h2>\n\n\n\n<div class=\"wp-block-image\"><figure class=\"alignleft size-large is-resized\"><img loading=\"lazy\" decoding=\"async\" src=\"http:\/\/beynesentransition.fr\/wp-content\/uploads\/2014\/09\/COSI-724x1024.jpg\" alt=\"\" class=\"wp-image-621\" width=\"367\" height=\"520\" srcset=\"http:\/\/beynesentransition.fr\/wp-content\/uploads\/2014\/09\/COSI-724x1024.jpg 724w, http:\/\/beynesentransition.fr\/wp-content\/uploads\/2014\/09\/COSI-212x300.jpg 212w, http:\/\/beynesentransition.fr\/wp-content\/uploads\/2014\/09\/COSI-106x150.jpg 106w\" sizes=\"auto, (max-width: 367px) 100vw, 367px\" \/><\/figure><\/div>\n\n\n\n<p><span class=\"has-inline-color has-black-color\">Il avait pour but de loger des \u00e9tudiants ou des jeunes travailleurs chez des seniors disposant d\u2019une chambre libre. Ce concept permettait de cr\u00e9er ou de retisser du lien entre g\u00e9n\u00e9rations, de rompre l\u2019isolement et d\u2019assurer la s\u00e9curit\u00e9 des seniors.<\/span><\/p>\n\n\n\n<p><span class=\"has-inline-color has-black-color\">Beynes en Transition qui a promu cette d\u00e9marche pendant 4 ans, accompagnait les bin\u00f4mes dans un esprit de tol\u00e9rance et de compr\u00e9hension mutuelle. Une charte permettait de favoriser une relation harmonieuse, la discr\u00e9tion, la tol\u00e9rance, le respect et la convivialit\u00e9.<\/span><\/p>\n\n\n\n<p><span class=\"has-inline-color has-black-color\">Une Quinzaines de Bin\u00f4mes pour 7 s\u00e9niors ont r\u00e9alis\u00e9 l\u2019exp\u00e9rience, les appr\u00e9hensions du d\u00e9but face \u00e0 ce concept novateur ont vite \u00e9t\u00e9 remplac\u00e9es par une joie partag\u00e9e.<\/span><\/p>\n\n\n\n<p><span class=\"has-inline-color has-black-color\">COHABILIS (union du r\u00e9seau CoSI et du r\u00e9seau LIS) un toit pour l&rsquo;habitat partag\u00e9. Plus de 30000 cohabitations interg\u00e9n\u00e9rationnelles solidaires accompagn\u00e9es depuis 2004<\/span>.  <a href=\"https:\/\/www.cohabilis.org\/\">https:\/\/www.cohabilis.org\/<\/a><\/p>\n\n\n\n<h2 class=\"wp-block-heading\"><span class=\"has-inline-color has-black-color\">L&rsquo;AUTO-STOP DE PROXIMIT\u00c9 &#8211; POUCES D&rsquo;YVELINES <\/span><\/h2>\n\n\n\n<div class=\"wp-block-image\"><figure class=\"alignleft size-large is-resized\"><img loading=\"lazy\" decoding=\"async\" src=\"http:\/\/beynesentransition.fr\/wp-content\/uploads\/2015\/07\/logo-Rezo-Pouce.png\" alt=\"\" class=\"wp-image-815\" width=\"372\" height=\"164\" srcset=\"http:\/\/beynesentransition.fr\/wp-content\/uploads\/2015\/07\/logo-Rezo-Pouce.png 229w, http:\/\/beynesentransition.fr\/wp-content\/uploads\/2015\/07\/logo-Rezo-Pouce-150x66.png 150w\" sizes=\"auto, (max-width: 372px) 100vw, 372px\" \/><\/figure><\/div>\n\n\n\n<p><span class=\"has-inline-color has-black-color\">Pouces d&rsquo;Yvelines est une association regroupant des collectivit\u00e9s locales, pour implanter un r\u00e9seau d&rsquo;autostop organis\u00e9, dans les Yvelines.<\/span> <\/p>\n\n\n\n<p> <a href=\"https:\/\/www.rezopouce.fr\/\">https:\/\/www.rezopouce.fr\/<\/a><\/p>\n\n\n\n<p><span class=\"has-inline-color has-black-color\">Elle est \u00e0 l\u2019initiative de deux associations : Villages d\u2019Yvelines en Transition (VYT) et Beynes en Transition (BET), avec l\u2019aide de 5 communes fondatrices (Marcq, Bazoches-Sur-Guyonne, Thoiry, Boissy-Sans-Avoir, M\u00e9r\u00e9) et le soutien financier de la r\u00e9gion Ile-de-France.<\/span><\/p>\n\n\n\n<p><span class=\"has-inline-color has-black-color\">Bas\u00e9e sur le mod\u00e8le de Rezo-Pouce en Midi-Pyr\u00e9n\u00e9es, Pouces d\u2019Yvelines est un dispositif d\u2019auto-stop s\u00e9curis\u00e9 et gratuit avec la vocation de d\u00e9senclaver les villages des Yvelines. Conducteurs et passagers sont identifi\u00e9s et se rencontrent aux \u00ab arr\u00eats sur le Pouce \u00bb pour des trajets courts reliant les points strat\u00e9giques : gares, lyc\u00e9es, centres m\u00e9dicaux et commerciaux.<\/span><\/p>\n\n\n\n<p><span class=\"has-inline-color has-black-color\">Ce dispositif compl\u00e8te et valorise les transports existants, cr\u00e9e du lien social, structure, organise et s\u00e9curise l\u2019auto-stop. A ce jour, 18 Communes ont rejoint le r\u00e9seau.  <\/span><\/p>\n\n\n\n<h2 class=\"wp-block-heading\"><span class=\"has-inline-color has-black-color\">LES JARDINS PARTAG\u00c9S &amp; BACS \u00c0 NOURRITURE<\/span><\/h2>\n\n\n\n<div class=\"wp-block-image\"><figure class=\"alignleft size-large is-resized\"><img loading=\"lazy\" decoding=\"async\" src=\"http:\/\/beynesentransition.fr\/wp-content\/uploads\/2020\/11\/swiss-chard-3641280_640.jpg\" alt=\"\" class=\"wp-image-1592\" width=\"401\" height=\"267\" srcset=\"http:\/\/beynesentransition.fr\/wp-content\/uploads\/2020\/11\/swiss-chard-3641280_640.jpg 640w, http:\/\/beynesentransition.fr\/wp-content\/uploads\/2020\/11\/swiss-chard-3641280_640-300x200.jpg 300w\" sizes=\"auto, (max-width: 401px) 100vw, 401px\" \/><\/figure><\/div>\n\n\n\n<p class=\"has-text-align-left\"><span class=\"has-inline-color has-black-color\">Pour d\u00e9marrer, des bacs de nourriture \u00e0 partager, sur le mod\u00e8le des \u00ab\u00a0Incroyables Comestibles\u00a0\u00bb, ont \u00e9t\u00e9 construits, en recyclant des palettes.<\/span><\/p>\n\n\n\n<p class=\"has-text-align-left\"><span class=\"has-inline-color has-black-color\">Les ateliers de constructions qui peuvent \u00eatre r\u00e9guli\u00e8rement r\u00e9alis\u00e9s au sein de l&rsquo;association, permettent de tisser des liens entre les g\u00e9n\u00e9rations et aussi d&rsquo;\u00e9changer des exp\u00e9riences. La mise en place des bacs interpelle les habitants du quartier qui sont invit\u00e9s \u00e0 utiliser les plantations, mais aussi \u00e0 prendre \u00e0 leur compte leur entretien.<\/span><\/p>\n\n\n\n<div class=\"wp-block-image\"><figure class=\"alignright size-large is-resized\"><img loading=\"lazy\" decoding=\"async\" src=\"http:\/\/beynesentransition.fr\/wp-content\/uploads\/2020\/11\/white-cabbage-2521700_640.jpg\" alt=\"\" class=\"wp-image-1598\" width=\"367\" height=\"241\"\/><\/figure><\/div>\n\n\n\n<p class=\"has-text-align-left\"><span class=\"has-inline-color has-black-color\">La suite logique est la mise en place de jardins partag\u00e9s avec un plus grand nombre de personnes participantes.<\/span><\/p>\n","protected":false},"excerpt":{"rendered":"<p>La palme de l&rsquo;initiative interg\u00e9n\u00e9rationnelle La palme de l&rsquo;initiative interg\u00e9n\u00e9rationelle, organis\u00e9e par l\u2019universit\u00e9 de Bordeaux Montaigne, a r\u00e9compens\u00e9 notre association Beynes en Transition, parmi vingt nomm\u00e9es, pour trois projets favorisant le lien interg\u00e9n\u00e9rationnel Nous en sommes tr\u00e8s fiers. Notre \u00e9quipe a port\u00e9 des projets en faveur du lien social, mais aussi en faveur de l\u2019\u00e9conomie&hellip;&nbsp;<a href=\"http:\/\/beynesentransition.fr\/?page_id=1570\" rel=\"bookmark\">Lire la suite &raquo;<span class=\"screen-reader-text\">Nos r\u00e9alisations marquantes<\/span><\/a><\/p>\n","protected":false},"author":1,"featured_media":0,"parent":0,"menu_order":0,"comment_status":"closed","ping_status":"closed","template":"","meta":{"neve_meta_sidebar":"","neve_meta_container":"","neve_meta_enable_content_width":"","neve_meta_content_width":0,"neve_meta_title_alignment":"","neve_meta_author_avatar":"","neve_post_elements_order":"","neve_meta_disable_header":"","neve_meta_disable_footer":"","neve_meta_disable_title":"","footnotes":""},"class_list":["post-1570","page","type-page","status-publish","hentry"],"_links":{"self":[{"href":"http:\/\/beynesentransition.fr\/index.php?rest_route=\/wp\/v2\/pages\/1570","targetHints":{"allow":["GET"]}}],"collection":[{"href":"http:\/\/beynesentransition.fr\/index.php?rest_route=\/wp\/v2\/pages"}],"about":[{"href":"http:\/\/beynesentransition.fr\/index.php?rest_route=\/wp\/v2\/types\/page"}],"author":[{"embeddable":true,"href":"http:\/\/beynesentransition.fr\/index.php?rest_route=\/wp\/v2\/users\/1"}],"replies":[{"embeddable":true,"href":"http:\/\/beynesentransition.fr\/index.php?rest_route=%2Fwp%2Fv2%2Fcomments&post=1570"}],"version-history":[{"count":8,"href":"http:\/\/beynesentransition.fr\/index.php?rest_route=\/wp\/v2\/pages\/1570\/revisions"}],"predecessor-version":[{"id":1794,"href":"http:\/\/beynesentransition.fr\/index.php?rest_route=\/wp\/v2\/pages\/1570\/revisions\/1794"}],"wp:attachment":[{"href":"http:\/\/beynesentransition.fr\/index.php?rest_route=%2Fwp%2Fv2%2Fmedia&parent=1570"}],"curies":[{"name":"wp","href":"https:\/\/api.w.org\/{rel}","templated":true}]}}